{"id":312,"date":"2024-05-22T10:44:14","date_gmt":"2024-05-22T10:44:14","guid":{"rendered":"https:\/\/www.kremen.cz\/?page_id=312"},"modified":"2024-06-17T07:50:32","modified_gmt":"2024-06-17T07:50:32","slug":"arboretum","status":"publish","type":"page","link":"https:\/\/www.kremen.cz\/index.php\/arboretum\/","title":{"rendered":"Arboretum"},"content":{"rendered":"\n<p><em>V m\u00edst\u011b v\u010delnic vzniklo a postupn\u011b se roz\u0161i\u0159uje Arboretum nektarod\u00e1rn\u00fdch a pylod\u00e1rn\u00fdch strom\u016f, ke\u0159\u016f a bylin. V tuto chv\u00edli ji\u017e s mo\u017enou stovkou r\u016fzn\u00fdch druh\u016f. V\u010detn\u011b vrbov\u00e9 \u0161kolky s nejr\u016fzn\u011bj\u0161\u00edmi druhy a celkov\u011b rozd\u00edlnou dobou kveten\u00ed. Po\u010d\u00ednaj\u00edc\u00ed kveten\u00ed tak u n\u00e1s za\u010d\u00edn\u00e1 v \u00fanoru u&nbsp;Zimolezu vonn\u00e9ho,&nbsp;Erdingerovy vrby, doprov\u00e1zej\u00edc\u00ed \u010dasn\u00fd pyl z l\u00edsky a kon\u010d\u00edc\u00ed Trojmu\u017enou vrbou, kter\u00e1 dok\u00e1\u017ee p\u0159ekvapit i v \u0159\u00edjnu nebo listopadu a dal\u0161\u00edch.<\/em><\/p>\n\n\n\n<figure class=\"wp-block-gallery has-nested-images columns-5 is-cropped wp-block-gallery-1 is-layout-flex wp-block-gallery-is-layout-flex\">\n<figure class=\"wp-block-image size-large\"><img loading=\"lazy\" decoding=\"async\" width=\"700\" height=\"933\" data-id=\"343\" src=\"https:\/\/www.kremen.cz\/wp-content\/uploads\/2024\/05\/IMG_5959-700x933.jpeg\" alt=\"\" class=\"wp-image-343\" srcset=\"https:\/\/www.kremen.cz\/wp-content\/uploads\/2024\/05\/IMG_5959-700x933.jpeg 700w, https:\/\/www.kremen.cz\/wp-content\/uploads\/2024\/05\/IMG_5959-225x300.jpeg 225w, https:\/\/www.kremen.cz\/wp-content\/uploads\/2024\/05\/IMG_5959-768x1024.jpeg 768w, https:\/\/www.kremen.cz\/wp-content\/uploads\/2024\/05\/IMG_5959-1152x1536.jpeg 1152w, https:\/\/www.kremen.cz\/wp-content\/uploads\/2024\/05\/IMG_5959-1536x2048.jpeg 1536w, https:\/\/www.kremen.cz\/wp-content\/uploads\/2024\/05\/IMG_5959-scaled.jpeg 1920w\" sizes=\"auto, (max-width: 700px) 100vw, 700px\" \/><\/figure>\n\n\n\n<figure class=\"wp-block-image size-large\"><img loading=\"lazy\" decoding=\"async\" width=\"700\" height=\"933\" data-id=\"341\" src=\"https:\/\/www.kremen.cz\/wp-content\/uploads\/2024\/05\/IMG_5988-700x933.jpeg\" alt=\"\" class=\"wp-image-341\" srcset=\"https:\/\/www.kremen.cz\/wp-content\/uploads\/2024\/05\/IMG_5988-700x933.jpeg 700w, https:\/\/www.kremen.cz\/wp-content\/uploads\/2024\/05\/IMG_5988-225x300.jpeg 225w, https:\/\/www.kremen.cz\/wp-content\/uploads\/2024\/05\/IMG_5988.jpeg 720w\" sizes=\"auto, (max-width: 700px) 100vw, 700px\" \/><\/figure>\n\n\n\n<figure class=\"wp-block-image size-large\"><img loading=\"lazy\" decoding=\"async\" width=\"700\" height=\"933\" data-id=\"346\" src=\"https:\/\/www.kremen.cz\/wp-content\/uploads\/2024\/05\/IMG_5630-700x933.jpeg\" alt=\"\" class=\"wp-image-346\" srcset=\"https:\/\/www.kremen.cz\/wp-content\/uploads\/2024\/05\/IMG_5630-700x933.jpeg 700w, https:\/\/www.kremen.cz\/wp-content\/uploads\/2024\/05\/IMG_5630-225x300.jpeg 225w, https:\/\/www.kremen.cz\/wp-content\/uploads\/2024\/05\/IMG_5630-768x1024.jpeg 768w, https:\/\/www.kremen.cz\/wp-content\/uploads\/2024\/05\/IMG_5630-1152x1536.jpeg 1152w, https:\/\/www.kremen.cz\/wp-content\/uploads\/2024\/05\/IMG_5630-1536x2048.jpeg 1536w, https:\/\/www.kremen.cz\/wp-content\/uploads\/2024\/05\/IMG_5630-scaled.jpeg 1920w\" sizes=\"auto, (max-width: 700px) 100vw, 700px\" \/><\/figure>\n\n\n\n<figure class=\"wp-block-image size-large\"><img loading=\"lazy\" decoding=\"async\" width=\"700\" height=\"933\" data-id=\"342\" src=\"https:\/\/www.kremen.cz\/wp-content\/uploads\/2024\/05\/IMG_5989-700x933.jpeg\" alt=\"\" class=\"wp-image-342\" srcset=\"https:\/\/www.kremen.cz\/wp-content\/uploads\/2024\/05\/IMG_5989-700x933.jpeg 700w, https:\/\/www.kremen.cz\/wp-content\/uploads\/2024\/05\/IMG_5989-225x300.jpeg 225w, https:\/\/www.kremen.cz\/wp-content\/uploads\/2024\/05\/IMG_5989.jpeg 720w\" sizes=\"auto, (max-width: 700px) 100vw, 700px\" \/><\/figure>\n\n\n\n<figure class=\"wp-block-image size-large\"><img loading=\"lazy\" decoding=\"async\" width=\"700\" height=\"933\" data-id=\"345\" src=\"https:\/\/www.kremen.cz\/wp-content\/uploads\/2024\/05\/IMG_5632-700x933.jpeg\" alt=\"\" class=\"wp-image-345\" srcset=\"https:\/\/www.kremen.cz\/wp-content\/uploads\/2024\/05\/IMG_5632-700x933.jpeg 700w, https:\/\/www.kremen.cz\/wp-content\/uploads\/2024\/05\/IMG_5632-225x300.jpeg 225w, https:\/\/www.kremen.cz\/wp-content\/uploads\/2024\/05\/IMG_5632-768x1024.jpeg 768w, https:\/\/www.kremen.cz\/wp-content\/uploads\/2024\/05\/IMG_5632-1152x1536.jpeg 1152w, https:\/\/www.kremen.cz\/wp-content\/uploads\/2024\/05\/IMG_5632-1536x2048.jpeg 1536w, https:\/\/www.kremen.cz\/wp-content\/uploads\/2024\/05\/IMG_5632-scaled.jpeg 1920w\" sizes=\"auto, (max-width: 700px) 100vw, 700px\" \/><\/figure>\n\n\n\n<figure class=\"wp-block-image size-large\"><img loading=\"lazy\" decoding=\"async\" width=\"533\" height=\"960\" data-id=\"337\" src=\"https:\/\/www.kremen.cz\/wp-content\/uploads\/2024\/05\/IMG_5993.jpeg\" alt=\"\" class=\"wp-image-337\" srcset=\"https:\/\/www.kremen.cz\/wp-content\/uploads\/2024\/05\/IMG_5993.jpeg 533w, https:\/\/www.kremen.cz\/wp-content\/uploads\/2024\/05\/IMG_5993-167x300.jpeg 167w\" sizes=\"auto, (max-width: 533px) 100vw, 533px\" \/><\/figure>\n\n\n\n<figure class=\"wp-block-image size-large\"><img loading=\"lazy\" decoding=\"async\" width=\"700\" height=\"933\" data-id=\"340\" src=\"https:\/\/www.kremen.cz\/wp-content\/uploads\/2024\/05\/IMG_5990-700x933.jpeg\" alt=\"\" class=\"wp-image-340\" srcset=\"https:\/\/www.kremen.cz\/wp-content\/uploads\/2024\/05\/IMG_5990-700x933.jpeg 700w, https:\/\/www.kremen.cz\/wp-content\/uploads\/2024\/05\/IMG_5990-225x300.jpeg 225w, https:\/\/www.kremen.cz\/wp-content\/uploads\/2024\/05\/IMG_5990.jpeg 720w\" sizes=\"auto, (max-width: 700px) 100vw, 700px\" \/><\/figure>\n\n\n\n<figure class=\"wp-block-image size-large\"><img loading=\"lazy\" decoding=\"async\" width=\"700\" height=\"933\" data-id=\"339\" src=\"https:\/\/www.kremen.cz\/wp-content\/uploads\/2024\/05\/IMG_5991-700x933.jpeg\" alt=\"\" class=\"wp-image-339\" srcset=\"https:\/\/www.kremen.cz\/wp-content\/uploads\/2024\/05\/IMG_5991-700x933.jpeg 700w, https:\/\/www.kremen.cz\/wp-content\/uploads\/2024\/05\/IMG_5991-225x300.jpeg 225w, https:\/\/www.kremen.cz\/wp-content\/uploads\/2024\/05\/IMG_5991.jpeg 720w\" sizes=\"auto, (max-width: 700px) 100vw, 700px\" \/><\/figure>\n\n\n\n<figure class=\"wp-block-image size-large\"><img loading=\"lazy\" decoding=\"async\" width=\"700\" height=\"933\" data-id=\"338\" src=\"https:\/\/www.kremen.cz\/wp-content\/uploads\/2024\/05\/IMG_3925-700x933.jpeg\" alt=\"\" class=\"wp-image-338\" srcset=\"https:\/\/www.kremen.cz\/wp-content\/uploads\/2024\/05\/IMG_3925-700x933.jpeg 700w, https:\/\/www.kremen.cz\/wp-content\/uploads\/2024\/05\/IMG_3925-225x300.jpeg 225w, https:\/\/www.kremen.cz\/wp-content\/uploads\/2024\/05\/IMG_3925.jpeg 720w\" sizes=\"auto, (max-width: 700px) 100vw, 700px\" \/><\/figure>\n\n\n\n<figure class=\"wp-block-image size-large\"><img loading=\"lazy\" decoding=\"async\" width=\"686\" height=\"960\" data-id=\"336\" src=\"https:\/\/www.kremen.cz\/wp-content\/uploads\/2024\/05\/IMG_5994.jpeg\" alt=\"\" class=\"wp-image-336\" srcset=\"https:\/\/www.kremen.cz\/wp-content\/uploads\/2024\/05\/IMG_5994.jpeg 686w, https:\/\/www.kremen.cz\/wp-content\/uploads\/2024\/05\/IMG_5994-214x300.jpeg 214w\" sizes=\"auto, (max-width: 686px) 100vw, 686px\" \/><\/figure>\n\n\n\n<figure class=\"wp-block-image size-large\"><img loading=\"lazy\" decoding=\"async\" width=\"700\" height=\"933\" data-id=\"344\" src=\"https:\/\/www.kremen.cz\/wp-content\/uploads\/2024\/05\/IMG_5949-700x933.jpeg\" alt=\"\" class=\"wp-image-344\" srcset=\"https:\/\/www.kremen.cz\/wp-content\/uploads\/2024\/05\/IMG_5949-700x933.jpeg 700w, https:\/\/www.kremen.cz\/wp-content\/uploads\/2024\/05\/IMG_5949-225x300.jpeg 225w, https:\/\/www.kremen.cz\/wp-content\/uploads\/2024\/05\/IMG_5949-768x1024.jpeg 768w, https:\/\/www.kremen.cz\/wp-content\/uploads\/2024\/05\/IMG_5949-1152x1536.jpeg 1152w, https:\/\/www.kremen.cz\/wp-content\/uploads\/2024\/05\/IMG_5949-1536x2048.jpeg 1536w, https:\/\/www.kremen.cz\/wp-content\/uploads\/2024\/05\/IMG_5949-scaled.jpeg 1920w\" sizes=\"auto, (max-width: 700px) 100vw, 700px\" \/><\/figure>\n\n\n\n<figure class=\"wp-block-image size-large\"><img loading=\"lazy\" decoding=\"async\" width=\"528\" height=\"960\" data-id=\"335\" src=\"https:\/\/www.kremen.cz\/wp-content\/uploads\/2024\/05\/IMG_5995.jpeg\" alt=\"\" class=\"wp-image-335\" srcset=\"https:\/\/www.kremen.cz\/wp-content\/uploads\/2024\/05\/IMG_5995.jpeg 528w, https:\/\/www.kremen.cz\/wp-content\/uploads\/2024\/05\/IMG_5995-165x300.jpeg 165w\" sizes=\"auto, (max-width: 528px) 100vw, 528px\" \/><\/figure>\n\n\n\n<figure class=\"wp-block-image size-large\"><img loading=\"lazy\" decoding=\"async\" width=\"695\" height=\"926\" data-id=\"334\" src=\"https:\/\/www.kremen.cz\/wp-content\/uploads\/2024\/05\/IMG_5996.jpeg\" alt=\"\" class=\"wp-image-334\" srcset=\"https:\/\/www.kremen.cz\/wp-content\/uploads\/2024\/05\/IMG_5996.jpeg 695w, https:\/\/www.kremen.cz\/wp-content\/uploads\/2024\/05\/IMG_5996-225x300.jpeg 225w\" sizes=\"auto, (max-width: 695px) 100vw, 695px\" \/><\/figure>\n\n\n\n<figure class=\"wp-block-image size-large\"><img loading=\"lazy\" decoding=\"async\" width=\"700\" height=\"525\" data-id=\"333\" src=\"https:\/\/www.kremen.cz\/wp-content\/uploads\/2024\/05\/IMG_5997-700x525.jpeg\" alt=\"\" class=\"wp-image-333\" srcset=\"https:\/\/www.kremen.cz\/wp-content\/uploads\/2024\/05\/IMG_5997-700x525.jpeg 700w, https:\/\/www.kremen.cz\/wp-content\/uploads\/2024\/05\/IMG_5997-300x225.jpeg 300w, https:\/\/www.kremen.cz\/wp-content\/uploads\/2024\/05\/IMG_5997-768x576.jpeg 768w, https:\/\/www.kremen.cz\/wp-content\/uploads\/2024\/05\/IMG_5997.jpeg 960w\" sizes=\"auto, (max-width: 700px) 100vw, 700px\" \/><\/figure>\n\n\n\n<figure class=\"wp-block-image size-large\"><img loading=\"lazy\" decoding=\"async\" width=\"700\" height=\"525\" data-id=\"332\" src=\"https:\/\/www.kremen.cz\/wp-content\/uploads\/2024\/05\/IMG_5998-700x525.jpeg\" alt=\"\" class=\"wp-image-332\" srcset=\"https:\/\/www.kremen.cz\/wp-content\/uploads\/2024\/05\/IMG_5998-700x525.jpeg 700w, https:\/\/www.kremen.cz\/wp-content\/uploads\/2024\/05\/IMG_5998-300x225.jpeg 300w, https:\/\/www.kremen.cz\/wp-content\/uploads\/2024\/05\/IMG_5998-768x576.jpeg 768w, https:\/\/www.kremen.cz\/wp-content\/uploads\/2024\/05\/IMG_5998.jpeg 960w\" sizes=\"auto, (max-width: 700px) 100vw, 700px\" \/><\/figure>\n\n\n\n<figure class=\"wp-block-image size-large\"><img loading=\"lazy\" decoding=\"async\" width=\"700\" height=\"932\" data-id=\"331\" src=\"https:\/\/www.kremen.cz\/wp-content\/uploads\/2024\/05\/IMG_5999-700x932.jpeg\" alt=\"\" class=\"wp-image-331\" srcset=\"https:\/\/www.kremen.cz\/wp-content\/uploads\/2024\/05\/IMG_5999-700x932.jpeg 700w, https:\/\/www.kremen.cz\/wp-content\/uploads\/2024\/05\/IMG_5999-225x300.jpeg 225w, https:\/\/www.kremen.cz\/wp-content\/uploads\/2024\/05\/IMG_5999.jpeg 720w\" sizes=\"auto, (max-width: 700px) 100vw, 700px\" \/><\/figure>\n\n\n\n<figure class=\"wp-block-image size-large\"><img loading=\"lazy\" decoding=\"async\" width=\"700\" height=\"933\" data-id=\"330\" src=\"https:\/\/www.kremen.cz\/wp-content\/uploads\/2024\/05\/IMG_6001-700x933.jpeg\" alt=\"\" class=\"wp-image-330\" srcset=\"https:\/\/www.kremen.cz\/wp-content\/uploads\/2024\/05\/IMG_6001-700x933.jpeg 700w, https:\/\/www.kremen.cz\/wp-content\/uploads\/2024\/05\/IMG_6001-225x300.jpeg 225w, https:\/\/www.kremen.cz\/wp-content\/uploads\/2024\/05\/IMG_6001.jpeg 720w\" sizes=\"auto, (max-width: 700px) 100vw, 700px\" \/><\/figure>\n\n\n\n<figure class=\"wp-block-image size-large\"><img loading=\"lazy\" decoding=\"async\" width=\"700\" height=\"934\" data-id=\"329\" src=\"https:\/\/www.kremen.cz\/wp-content\/uploads\/2024\/05\/IMG_6002-700x934.jpeg\" alt=\"\" class=\"wp-image-329\" srcset=\"https:\/\/www.kremen.cz\/wp-content\/uploads\/2024\/05\/IMG_6002-700x934.jpeg 700w, https:\/\/www.kremen.cz\/wp-content\/uploads\/2024\/05\/IMG_6002-225x300.jpeg 225w, https:\/\/www.kremen.cz\/wp-content\/uploads\/2024\/05\/IMG_6002.jpeg 720w\" sizes=\"auto, (max-width: 700px) 100vw, 700px\" \/><\/figure>\n\n\n\n<figure class=\"wp-block-image size-large\"><img loading=\"lazy\" decoding=\"async\" width=\"700\" height=\"933\" data-id=\"328\" src=\"https:\/\/www.kremen.cz\/wp-content\/uploads\/2024\/05\/IMG_6003-700x933.jpeg\" alt=\"\" class=\"wp-image-328\" srcset=\"https:\/\/www.kremen.cz\/wp-content\/uploads\/2024\/05\/IMG_6003-700x933.jpeg 700w, https:\/\/www.kremen.cz\/wp-content\/uploads\/2024\/05\/IMG_6003-225x300.jpeg 225w, https:\/\/www.kremen.cz\/wp-content\/uploads\/2024\/05\/IMG_6003.jpeg 720w\" sizes=\"auto, (max-width: 700px) 100vw, 700px\" \/><\/figure>\n\n\n\n<figure class=\"wp-block-image size-large\"><img loading=\"lazy\" decoding=\"async\" width=\"700\" height=\"934\" data-id=\"89\" src=\"https:\/\/www.kremen.cz\/wp-content\/uploads\/2021\/08\/img_0843-700x934.jpg\" alt=\"\" class=\"wp-image-89\" srcset=\"https:\/\/www.kremen.cz\/wp-content\/uploads\/2021\/08\/img_0843-700x934.jpg 700w, https:\/\/www.kremen.cz\/wp-content\/uploads\/2021\/08\/img_0843-225x300.jpg 225w, https:\/\/www.kremen.cz\/wp-content\/uploads\/2021\/08\/img_0843-768x1025.jpg 768w, https:\/\/www.kremen.cz\/wp-content\/uploads\/2021\/08\/img_0843-800x1067.jpg 800w, https:\/\/www.kremen.cz\/wp-content\/uploads\/2021\/08\/img_0843.jpg 970w\" sizes=\"auto, (max-width: 700px) 100vw, 700px\" \/><\/figure>\n\n\n\n<figure class=\"wp-block-image size-large\"><img loading=\"lazy\" decoding=\"async\" width=\"700\" height=\"420\" data-id=\"204\" src=\"https:\/\/www.kremen.cz\/wp-content\/uploads\/2021\/08\/cropped-img_0820-700x420.jpg\" alt=\"\" class=\"wp-image-204\" srcset=\"https:\/\/www.kremen.cz\/wp-content\/uploads\/2021\/08\/cropped-img_0820-700x420.jpg 700w, https:\/\/www.kremen.cz\/wp-content\/uploads\/2021\/08\/cropped-img_0820-300x180.jpg 300w, https:\/\/www.kremen.cz\/wp-content\/uploads\/2021\/08\/cropped-img_0820-768x461.jpg 768w, https:\/\/www.kremen.cz\/wp-content\/uploads\/2021\/08\/cropped-img_0820-1536x922.jpg 1536w, https:\/\/www.kremen.cz\/wp-content\/uploads\/2021\/08\/cropped-img_0820.jpg 2000w\" sizes=\"auto, (max-width: 700px) 100vw, 700px\" \/><\/figure>\n\n\n\n<figure class=\"wp-block-image size-large\"><img loading=\"lazy\" decoding=\"async\" width=\"700\" height=\"934\" data-id=\"82\" src=\"https:\/\/www.kremen.cz\/wp-content\/uploads\/2021\/08\/img_0713-700x934.jpg\" alt=\"\" class=\"wp-image-82\" srcset=\"https:\/\/www.kremen.cz\/wp-content\/uploads\/2021\/08\/img_0713-700x934.jpg 700w, https:\/\/www.kremen.cz\/wp-content\/uploads\/2021\/08\/img_0713-225x300.jpg 225w, https:\/\/www.kremen.cz\/wp-content\/uploads\/2021\/08\/img_0713-768x1024.jpg 768w, https:\/\/www.kremen.cz\/wp-content\/uploads\/2021\/08\/img_0713-1152x1536.jpg 1152w, https:\/\/www.kremen.cz\/wp-content\/uploads\/2021\/08\/img_0713-800x1067.jpg 800w, https:\/\/www.kremen.cz\/wp-content\/uploads\/2021\/08\/img_0713.jpg 1333w\" sizes=\"auto, (max-width: 700px) 100vw, 700px\" \/><\/figure>\n\n\n\n<figure class=\"wp-block-image size-large\"><img loading=\"lazy\" decoding=\"async\" width=\"700\" height=\"933\" data-id=\"73\" src=\"https:\/\/www.kremen.cz\/wp-content\/uploads\/2021\/08\/img_0220-1-700x933.jpg\" alt=\"\" class=\"wp-image-73\" srcset=\"https:\/\/www.kremen.cz\/wp-content\/uploads\/2021\/08\/img_0220-1-700x933.jpg 700w, https:\/\/www.kremen.cz\/wp-content\/uploads\/2021\/08\/img_0220-1-225x300.jpg 225w, https:\/\/www.kremen.cz\/wp-content\/uploads\/2021\/08\/img_0220-1-768x1023.jpg 768w, https:\/\/www.kremen.cz\/wp-content\/uploads\/2021\/08\/img_0220-1-800x1066.jpg 800w, https:\/\/www.kremen.cz\/wp-content\/uploads\/2021\/08\/img_0220-1.jpg 845w\" sizes=\"auto, (max-width: 700px) 100vw, 700px\" \/><\/figure>\n<\/figure>\n\n\n\n<p><em>Stejn\u011b jako se pova\u017euje mikrobiom u lid\u00ed za d\u016fle\u017eit\u00fd prvek pro celkovou imunitu, podobn\u011b je to i se v\u010delou medonosnou. &nbsp;St\u0159evn\u00ed&nbsp;mikrobiom m\u00e1 z\u00e1sadn\u00ed v\u00fdznam pro zdrav\u00ed&nbsp;v\u010dely&nbsp;a pro fyziologick\u00e9 funkce jej\u00edho organismu. C\u00edlem je pak na zahradu i v na\u0161em lese vysazovat pestrou skladbu zdroj\u016f nektaru, medovice a pylu. V\u010detn\u011b rostlin poskytuj\u00edc\u00ed pyl i v\u010del\u00e1m samot\u00e1\u0159k\u00e1m, \u010dmel\u00e1k\u016fm a dal\u0161\u00edm blanok\u0159\u00eddl\u00fdm.<\/em><\/p>\n\n\n\n<p><em>Krajina kolem Rad\u011btic je pln\u00e1 rem\u00edzk\u016f, kter\u00e9 na ja\u0159e p\u0159ekvap\u00ed z\u00e1plavou kv\u011bt\u016f trnkov\u00fdch ke\u0159\u016f, t\u0159e\u0161n\u00ed pta\u010d\u00ed i se spoustou \u0161\u00edpkov\u00fdch ke\u0159\u016f. Pod\u00e9l potok\u016f pak z\u00e1stupem vrb. Nen\u00ed m\u00fdm \u00fakolem p\u0159i na\u0161em s\u00e1zen\u00ed poskytovat n\u00e1sledn\u011b jednodruhov\u00fd med, na to by konkr\u00e9tn\u00ed rostliny \u010di stromy musely b\u00fdt v daleko v\u011bt\u0161\u00edch po\u010dtech, ale sna\u017e\u00edm se vylep\u0161it kveten\u00ed b\u011bhem cel\u00e9ho roku. Jak\u00fdkoli druh nektaru \u010di pylu zanesen\u00fd do \u00falu m\u00e1 mo\u017enost ovlivnit vitalitu v\u010del a v\u00fdslednou chu\u0165 i v\u016fni medu. A j\u00e1 se sna\u017e\u00edm i se sv\u00fdma d\u011btma aby ta chu\u0165 byla mimo\u0159\u00e1dn\u00e1. <\/em><\/p>\n\n\n\n<p><em>Pohledem na pylov\u00e9 pl\u00e1sty v na\u0161ich \u00falech je pak mo\u017en\u00e9 pod ka\u017edou barvou \u010di odst\u00ednem naj\u00edt jin\u00fd druh donesen\u00e9ho pylu.<\/em><\/p>\n\n\n\n<figure class=\"wp-block-image size-large\"><img loading=\"lazy\" decoding=\"async\" width=\"700\" height=\"525\" src=\"https:\/\/www.kremen.cz\/wp-content\/uploads\/2024\/06\/IMG_6512-700x525.jpeg\" alt=\"\" class=\"wp-image-377\" srcset=\"https:\/\/www.kremen.cz\/wp-content\/uploads\/2024\/06\/IMG_6512-700x525.jpeg 700w, https:\/\/www.kremen.cz\/wp-content\/uploads\/2024\/06\/IMG_6512-300x225.jpeg 300w, https:\/\/www.kremen.cz\/wp-content\/uploads\/2024\/06\/IMG_6512-768x576.jpeg 768w, https:\/\/www.kremen.cz\/wp-content\/uploads\/2024\/06\/IMG_6512-1536x1152.jpeg 1536w, https:\/\/www.kremen.cz\/wp-content\/uploads\/2024\/06\/IMG_6512-2048x1536.jpeg 2048w\" sizes=\"auto, (max-width: 700px) 100vw, 700px\" \/><\/figure>\n\n\n\n<figure class=\"wp-block-gallery has-nested-images columns-2 is-cropped wp-block-gallery-2 is-layout-flex wp-block-gallery-is-layout-flex\">\n<figure class=\"wp-block-image size-large has-custom-border\"><img loading=\"lazy\" decoding=\"async\" width=\"700\" height=\"933\" data-id=\"65\" src=\"https:\/\/www.kremen.cz\/wp-content\/uploads\/2021\/08\/img_2177-700x933.jpg\" alt=\"\" class=\"wp-image-65\" style=\"border-radius:10px\" srcset=\"https:\/\/www.kremen.cz\/wp-content\/uploads\/2021\/08\/img_2177-700x933.jpg 700w, https:\/\/www.kremen.cz\/wp-content\/uploads\/2021\/08\/img_2177-225x300.jpg 225w, https:\/\/www.kremen.cz\/wp-content\/uploads\/2021\/08\/img_2177-768x1024.jpg 768w, https:\/\/www.kremen.cz\/wp-content\/uploads\/2021\/08\/img_2177-1152x1536.jpg 1152w, https:\/\/www.kremen.cz\/wp-content\/uploads\/2021\/08\/img_2177-1536x2048.jpg 1536w, https:\/\/www.kremen.cz\/wp-content\/uploads\/2021\/08\/img_2177-800x1067.jpg 800w, https:\/\/www.kremen.cz\/wp-content\/uploads\/2021\/08\/img_2177-scaled.jpg 1920w\" sizes=\"auto, (max-width: 700px) 100vw, 700px\" \/><\/figure>\n\n\n\n<figure class=\"wp-block-image size-large has-custom-border\"><img loading=\"lazy\" decoding=\"async\" width=\"700\" height=\"933\" data-id=\"63\" src=\"https:\/\/www.kremen.cz\/wp-content\/uploads\/2021\/08\/img_2164-700x933.jpg\" alt=\"\" class=\"wp-image-63\" style=\"border-radius:10px\" srcset=\"https:\/\/www.kremen.cz\/wp-content\/uploads\/2021\/08\/img_2164-700x933.jpg 700w, https:\/\/www.kremen.cz\/wp-content\/uploads\/2021\/08\/img_2164-225x300.jpg 225w, https:\/\/www.kremen.cz\/wp-content\/uploads\/2021\/08\/img_2164-768x1024.jpg 768w, https:\/\/www.kremen.cz\/wp-content\/uploads\/2021\/08\/img_2164-1152x1536.jpg 1152w, https:\/\/www.kremen.cz\/wp-content\/uploads\/2021\/08\/img_2164-800x1067.jpg 800w, https:\/\/www.kremen.cz\/wp-content\/uploads\/2021\/08\/img_2164.jpg 1482w\" sizes=\"auto, (max-width: 700px) 100vw, 700px\" \/><\/figure>\n\n\n\n<figure class=\"wp-block-image size-full has-custom-border\"><img loading=\"lazy\" decoding=\"async\" width=\"700\" height=\"934\" data-id=\"320\" src=\"https:\/\/www.kremen.cz\/wp-content\/uploads\/2024\/05\/image.jpeg\" alt=\"Tento obr\u00e1zek nem\u00e1 vypln\u011bn\u00fd atribut alt; n\u00e1zev souboru je img_2093-1-700x934.jpg.\" class=\"wp-image-320\" style=\"border-radius:10px\" srcset=\"https:\/\/www.kremen.cz\/wp-content\/uploads\/2024\/05\/image.jpeg 700w, https:\/\/www.kremen.cz\/wp-content\/uploads\/2024\/05\/image-225x300.jpeg 225w\" sizes=\"auto, (max-width: 700px) 100vw, 700px\" \/><\/figure>\n<\/figure>\n\n\n\n<figure class=\"wp-block-image size-full\"><img loading=\"lazy\" decoding=\"async\" width=\"579\" height=\"800\" src=\"https:\/\/www.kremen.cz\/wp-content\/uploads\/2024\/05\/img_6004-1.jpg\" alt=\"\" class=\"wp-image-348\" srcset=\"https:\/\/www.kremen.cz\/wp-content\/uploads\/2024\/05\/img_6004-1.jpg 579w, https:\/\/www.kremen.cz\/wp-content\/uploads\/2024\/05\/img_6004-1-217x300.jpg 217w\" sizes=\"auto, (max-width: 579px) 100vw, 579px\" \/><figcaption class=\"wp-element-caption\"><em>Arboretum u zahradn\u00ed v\u010delnice &#8211; ve voln\u00fdch chv\u00edl\u00edch v roce ob\u010das sepisuji z r\u016fzn\u00fdch ulo\u017een\u00fdch pozn\u00e1mek alespo\u0148 druhy vysazen\u00fdch strom\u016f a ke\u0159\u016f. Abych je <\/em>dal do jednoho listu. Nicm\u00e9n\u011b pr\u00e1ce to bude je\u0161t\u011b dlouh\u00e1, proto\u017ee jich je tam daleko v\u00edc. <\/figcaption><\/figure>\n","protected":false},"excerpt":{"rendered":"<p>V m\u00edst\u011b v\u010delnic vzniklo a postupn\u011b se roz\u0161i\u0159uje Arboretum nektarod\u00e1rn\u00fdch a pylod\u00e1rn\u00fdch strom\u016f, ke\u0159\u016f a bylin. V tuto chv\u00edli ji\u017e s mo\u017enou stovkou r\u016fzn\u00fdch druh\u016f. V\u010detn\u011b vrbov\u00e9 \u0161kolky s nejr\u016fzn\u011bj\u0161\u00edmi druhy a celkov\u011b rozd\u00edlnou dobou kveten\u00ed. Po\u010d\u00ednaj\u00edc\u00ed kveten\u00ed tak u n\u00e1s za\u010d\u00edn\u00e1 v \u00fanoru u&nbsp;Zimolezu vonn\u00e9ho,&nbsp;Erdingerovy vrby, doprov\u00e1zej\u00edc\u00ed \u010dasn\u00fd pyl z l\u00edsky a kon\u010d\u00edc\u00ed Trojmu\u017enou &hellip; <\/p>\n<p class=\"link-more\"><a href=\"https:\/\/www.kremen.cz\/index.php\/arboretum\/\" class=\"more-link\">Pokra\u010dovat ve \u010dten\u00ed<span class=\"screen-reader-text\"> &#8222;Arboretum&#8220;<\/span><\/a><\/p>\n","protected":false},"author":1,"featured_media":0,"parent":0,"menu_order":0,"comment_status":"closed","ping_status":"closed","template":"","meta":{"footnotes":""},"class_list":["post-312","page","type-page","status-publish","hentry"],"_links":{"self":[{"href":"https:\/\/www.kremen.cz\/index.php\/wp-json\/wp\/v2\/pages\/312","targetHints":{"allow":["GET"]}}],"collection":[{"href":"https:\/\/www.kremen.cz\/index.php\/wp-json\/wp\/v2\/pages"}],"about":[{"href":"https:\/\/www.kremen.cz\/index.php\/wp-json\/wp\/v2\/types\/page"}],"author":[{"embeddable":true,"href":"https:\/\/www.kremen.cz\/index.php\/wp-json\/wp\/v2\/users\/1"}],"replies":[{"embeddable":true,"href":"https:\/\/www.kremen.cz\/index.php\/wp-json\/wp\/v2\/comments?post=312"}],"version-history":[{"count":17,"href":"https:\/\/www.kremen.cz\/index.php\/wp-json\/wp\/v2\/pages\/312\/revisions"}],"predecessor-version":[{"id":378,"href":"https:\/\/www.kremen.cz\/index.php\/wp-json\/wp\/v2\/pages\/312\/revisions\/378"}],"wp:attachment":[{"href":"https:\/\/www.kremen.cz\/index.php\/wp-json\/wp\/v2\/media?parent=312"}],"curies":[{"name":"wp","href":"https:\/\/api.w.org\/{rel}","templated":true}]}}