{"id":435,"date":"2025-04-28T12:08:57","date_gmt":"2025-04-28T12:08:57","guid":{"rendered":"https:\/\/www.kremen.cz\/?page_id=435"},"modified":"2025-05-05T07:43:22","modified_gmt":"2025-05-05T07:43:22","slug":"medovina-mead-2","status":"publish","type":"page","link":"https:\/\/www.kremen.cz\/index.php\/medovina-mead-2\/","title":{"rendered":"Medovina &#8211; Mead"},"content":{"rendered":"\n<p><br>Medovina z K\u0159emenovy v\u010delnice (pro r.2025) dozr\u00e1v\u00e1 z medovicov\u00e9ho medu s vysok\u00fdm pod\u00edlem melicit\u00f3zy, kter\u00fd obsahuje slo\u017eit\u00e9 cukry d\u00e1vaj\u00edc\u00ed n\u00e1poji hlub\u0161\u00ed a komplexn\u00ed chu\u0165. Kvasinky p\u0159i kva\u0161en\u00ed vytv\u00e1\u0159ej\u00ed jedine\u010dn\u00fd profil, kter\u00fd je dopln\u011bn o p\u0159\u00edm\u011bs kvalitn\u00edho kv\u011btov\u00e9ho medu takt\u00e9\u017e z Rad\u011btick\u00e9 oblasti. Tato kombinace med\u016f obohacuje v\u00fdslednou medovinu o bohat\u00e9 a vyv\u00e1\u017een\u00e9 t\u00f3ny, kter\u00e9 jsou jemn\u00e9, ale z\u00e1rove\u0148 v\u00fdrazn\u00e9. Je kladen d\u016fraz vych\u00e1zet z vlastn\u00ed chuti samotn\u00e9ho medu.<\/p>\n\n\n\n<figure class=\"wp-block-gallery has-nested-images columns-default is-cropped wp-block-gallery-1 is-layout-flex wp-block-gallery-is-layout-flex\">\n<figure class=\"wp-block-image size-large\"><img loading=\"lazy\" decoding=\"async\" width=\"700\" height=\"933\" data-id=\"456\" src=\"https:\/\/www.kremen.cz\/wp-content\/uploads\/2025\/04\/IMG_2921-2-700x933.jpeg\" alt=\"\" class=\"wp-image-456\" srcset=\"https:\/\/www.kremen.cz\/wp-content\/uploads\/2025\/04\/IMG_2921-2-700x933.jpeg 700w, https:\/\/www.kremen.cz\/wp-content\/uploads\/2025\/04\/IMG_2921-2-225x300.jpeg 225w, https:\/\/www.kremen.cz\/wp-content\/uploads\/2025\/04\/IMG_2921-2-768x1024.jpeg 768w, https:\/\/www.kremen.cz\/wp-content\/uploads\/2025\/04\/IMG_2921-2-1152x1536.jpeg 1152w, https:\/\/www.kremen.cz\/wp-content\/uploads\/2025\/04\/IMG_2921-2-1536x2048.jpeg 1536w, https:\/\/www.kremen.cz\/wp-content\/uploads\/2025\/04\/IMG_2921-2-scaled.jpeg 1920w\" sizes=\"auto, (max-width: 700px) 100vw, 700px\" \/><\/figure>\n<\/figure>\n\n\n\n<p>Fermenta\u010dn\u00ed proces:<\/p>\n\n\n\n<p>Pro zachov\u00e1n\u00ed p\u0159\u00edrodn\u00edch enzym\u016f a dal\u0161\u00edch cenn\u00fdch l\u00e1tek byla medovina kva\u0161ena bez va\u0159en\u00ed. Fermentace za\u010d\u00edn\u00e1 spot\u0159ebov\u00e1v\u00e1n\u00edm jednodu\u0161\u0161\u00edch cukr\u016f \u2013 gluk\u00f3zy a frukt\u00f3zy \u2013 kter\u00e9 jsou p\u0159irozen\u011b obsa\u017eeny v medu. Jakmile jsou tyto cukry vy\u010derp\u00e1ny, kvasinky postupn\u011b p\u0159ech\u00e1zej\u00ed ke slo\u017eit\u011bj\u0161\u00edm cukr\u016fm, jako jsou sachar\u00f3za a malt\u00f3za (disacharidy), d\u00e1le k trisacharid\u016fm a nakonec k je\u0161t\u011b komplexn\u011bj\u0161\u00edm oligosacharid\u016fm, jako je pr\u00e1v\u011b melicit\u00f3za typick\u00e1 pro medovicov\u00e9 medy. Tento postupn\u00fd p\u0159echod mezi r\u016fzn\u00fdmi typy cukr\u016f umo\u017e\u0148uje kvasink\u00e1m optim\u00e1ln\u011b pracovat bez stresu, podporuje tvorbu jemn\u00fdch aromatick\u00fdch slo\u017eek a vede k pln\u00e9mu rozvinut\u00ed chut\u011b. <\/p>\n\n\n\n<p>Med byl do procesu fermentace p\u0159id\u00e1v\u00e1n postupn\u011b v n\u011bkolika f\u00e1z\u00edch, co\u017e zajistilo stabiln\u00ed prost\u0159ed\u00ed pro kvasinky, postupn\u00e9 prokva\u0161en\u00ed slo\u017eit\u011bj\u0161\u00edch cukr\u016f a dosa\u017een\u00ed po\u017eadovan\u00e9 alkoholov\u00e9 hladiny, p\u0159i\u010dem\u017e v n\u00e1poji z\u016fstala p\u0159irozen\u00e1 komplexnost a sv\u011b\u017eest. Vy\u0161\u0161\u00ed pracnost procesu se projev\u00ed v kone\u010dn\u00e9m v\u00fdsledku.<\/p>\n\n\n\n<p><strong>Chu\u0165ov\u00fd profil Medoviny D3(2025):<\/strong><br><br><em>\u201eUp\u0159\u00edmn\u011b se omlouv\u00e1m v\u0161em dal\u0161\u00edm p\u0159\u00e1tel\u016fm. Moment\u00e1ln\u011b ji\u017e (D3) nen\u00ed k dispozici \u2013 ochutn\u00e1vka byla kompletn\u011b zamluvena v\u010dasn\u00fdmi z\u00e1jemci.\u201c<\/em><\/p>\n\n\n\n<figure class=\"wp-block-gallery has-nested-images columns-default is-cropped wp-block-gallery-2 is-layout-flex wp-block-gallery-is-layout-flex\">\n<figure class=\"wp-block-image size-large\"><img loading=\"lazy\" decoding=\"async\" width=\"700\" height=\"933\" data-id=\"472\" src=\"https:\/\/www.kremen.cz\/wp-content\/uploads\/2025\/05\/IMG_3223-700x933.jpeg\" alt=\"\" class=\"wp-image-472\" srcset=\"https:\/\/www.kremen.cz\/wp-content\/uploads\/2025\/05\/IMG_3223-700x933.jpeg 700w, https:\/\/www.kremen.cz\/wp-content\/uploads\/2025\/05\/IMG_3223-225x300.jpeg 225w, https:\/\/www.kremen.cz\/wp-content\/uploads\/2025\/05\/IMG_3223-768x1024.jpeg 768w, https:\/\/www.kremen.cz\/wp-content\/uploads\/2025\/05\/IMG_3223-1152x1536.jpeg 1152w, https:\/\/www.kremen.cz\/wp-content\/uploads\/2025\/05\/IMG_3223.jpeg 1432w\" sizes=\"auto, (max-width: 700px) 100vw, 700px\" \/><\/figure>\n\n\n\n<figure class=\"wp-block-image size-large\"><img loading=\"lazy\" decoding=\"async\" width=\"700\" height=\"933\" data-id=\"474\" src=\"https:\/\/www.kremen.cz\/wp-content\/uploads\/2025\/05\/IMG_3178-700x933.jpeg\" alt=\"\" class=\"wp-image-474\" srcset=\"https:\/\/www.kremen.cz\/wp-content\/uploads\/2025\/05\/IMG_3178-700x933.jpeg 700w, https:\/\/www.kremen.cz\/wp-content\/uploads\/2025\/05\/IMG_3178-225x300.jpeg 225w, https:\/\/www.kremen.cz\/wp-content\/uploads\/2025\/05\/IMG_3178-768x1024.jpeg 768w, https:\/\/www.kremen.cz\/wp-content\/uploads\/2025\/05\/IMG_3178-1152x1536.jpeg 1152w, https:\/\/www.kremen.cz\/wp-content\/uploads\/2025\/05\/IMG_3178-1536x2048.jpeg 1536w, https:\/\/www.kremen.cz\/wp-content\/uploads\/2025\/05\/IMG_3178-scaled.jpeg 1920w\" sizes=\"auto, (max-width: 700px) 100vw, 700px\" \/><\/figure>\n\n\n\n<figure class=\"wp-block-image size-large\"><img loading=\"lazy\" decoding=\"async\" width=\"700\" height=\"933\" data-id=\"475\" src=\"https:\/\/www.kremen.cz\/wp-content\/uploads\/2025\/05\/IMG_3177-700x933.jpeg\" alt=\"\" class=\"wp-image-475\" srcset=\"https:\/\/www.kremen.cz\/wp-content\/uploads\/2025\/05\/IMG_3177-700x933.jpeg 700w, https:\/\/www.kremen.cz\/wp-content\/uploads\/2025\/05\/IMG_3177-225x300.jpeg 225w, https:\/\/www.kremen.cz\/wp-content\/uploads\/2025\/05\/IMG_3177-768x1024.jpeg 768w, https:\/\/www.kremen.cz\/wp-content\/uploads\/2025\/05\/IMG_3177-1152x1536.jpeg 1152w, https:\/\/www.kremen.cz\/wp-content\/uploads\/2025\/05\/IMG_3177-1536x2048.jpeg 1536w, https:\/\/www.kremen.cz\/wp-content\/uploads\/2025\/05\/IMG_3177-scaled.jpeg 1920w\" sizes=\"auto, (max-width: 700px) 100vw, 700px\" \/><\/figure>\n\n\n\n<figure class=\"wp-block-image size-large\"><img loading=\"lazy\" decoding=\"async\" width=\"700\" height=\"933\" data-id=\"473\" src=\"https:\/\/www.kremen.cz\/wp-content\/uploads\/2025\/05\/IMG_3217-700x933.jpeg\" alt=\"\" class=\"wp-image-473\" srcset=\"https:\/\/www.kremen.cz\/wp-content\/uploads\/2025\/05\/IMG_3217-700x933.jpeg 700w, https:\/\/www.kremen.cz\/wp-content\/uploads\/2025\/05\/IMG_3217-225x300.jpeg 225w, https:\/\/www.kremen.cz\/wp-content\/uploads\/2025\/05\/IMG_3217-768x1024.jpeg 768w, https:\/\/www.kremen.cz\/wp-content\/uploads\/2025\/05\/IMG_3217-1152x1536.jpeg 1152w, https:\/\/www.kremen.cz\/wp-content\/uploads\/2025\/05\/IMG_3217-1536x2048.jpeg 1536w, https:\/\/www.kremen.cz\/wp-content\/uploads\/2025\/05\/IMG_3217-scaled.jpeg 1920w\" sizes=\"auto, (max-width: 700px) 100vw, 700px\" \/><\/figure>\n<\/figure>\n\n\n\n<p>Tato medovina z \u010dist\u011b melicit\u00f3zn\u00edho medovicov\u00e9ho medu p\u0159ekvap\u00ed svou bohatost\u00ed a hloubkou. S obsahem alkoholu v rozmez\u00ed 11,5\u201313,1 % a v\u00fdrazn\u011b sladk\u00fdm profilem (17,2\u201319,8 % Brix) nab\u00edz\u00ed sametov\u011b plnou chu\u0165 s t\u00f3ny lesn\u00edho medu, jemn\u00fdm dotekem chmele a ko\u0159en\u00ed. Vysok\u00fd zbytkov\u00fd cukr je p\u0159irozen\u00fdm v\u00fdsledkem ni\u017e\u0161\u00ed zkvasitelnosti melicit\u00f3zn\u00edho medu, co\u017e medovin\u011b dod\u00e1v\u00e1 charakter dezertn\u00edho n\u00e1poje s dlouhou, harmonickou dochut\u00ed. Ide\u00e1ln\u00ed k pomal\u00e9mu vychutn\u00e1n\u00ed po j\u00eddle nebo jako doprovod ke zral\u00fdm s\u00fdr\u016fm.<\/p>\n\n\n\n<p><strong>Chu\u0165ov\u00e9 inspirace:<\/strong><\/p>\n\n\n\n<p><strong>S\u00fdry:<\/strong><\/p>\n\n\n\n<ul class=\"wp-block-list\">\n<li><strong>Zral\u00fd parmaz\u00e1n<\/strong>, star\u00fd gouda nebo comt\u00e9 \u2013 tuh\u00e9, vyzr\u00e1l\u00e9 s\u00fdry s v\u00fdraznou chut\u00ed kr\u00e1sn\u011b kontrastuj\u00ed se sladkost\u00ed medoviny.<\/li>\n\n\n\n<li><strong>Modr\u00e9 s\u00fdry<\/strong>&nbsp;jako roquefort nebo gorgonzola \u2013 slan\u00e1 pikantnost a sladkost se dokonale dopl\u0148uj\u00ed.<\/li>\n<\/ul>\n\n\n\n<p><strong>Dezerty:<\/strong><\/p>\n\n\n\n<ul class=\"wp-block-list\">\n<li><strong>Jable\u010dn\u00fd nebo hru\u0161kov\u00fd kol\u00e1\u010d<\/strong>, nejl\u00e9pe s trochou sko\u0159ice.<\/li>\n\n\n\n<li><strong>Tarte tatin<\/strong>&nbsp;nebo jin\u00e9 ovocn\u00e9 dezerty s karamelem.<\/li>\n\n\n\n<li><strong>Cr\u00e8me br\u00fbl\u00e9e<\/strong>&nbsp;\u2013 jemn\u00fd vanilkov\u00fd kr\u00e9m a k\u0159upav\u00fd karamel kr\u00e1sn\u011b podpo\u0159\u00ed medov\u00e9 t\u00f3ny.<\/li>\n<\/ul>\n\n\n\n<p><strong>Masit\u00e9 pokrmy (netradi\u010dn\u00ed pairing):<\/strong><\/p>\n\n\n\n<p><strong>Divok\u00e9 zv\u011b\u0159inov\u00e9 pa\u0161tiky<\/strong>&nbsp;s toastem.<\/p>\n\n\n\n<p><strong>Pe\u010den\u00e1 kachna nebo hus\u00ed j\u00e1tra (foie gras)<\/strong>&nbsp;\u2013 bohatost masa dopln\u011bn\u00e1 sladkost\u00ed a kyselinkou medoviny funguje v\u00fdborn\u011b.<\/p>\n\n\n\n<p>Budu r\u00e1d za zp\u011btnou vazbu Va\u0161ich n\u00e1pad\u016f a kombinac\u00ed s touto medovinou. Procesy v\u00fdroby budouc\u00ed medoviny se mohou p\u0159izp\u016fsobit po\u017eadovan\u00fdm c\u00edl\u016fm.<\/p>\n\n\n\n<p><em>*D1,D2,D54 st\u00e1le v procesu<\/em><\/p>\n\n\n\n<figure class=\"wp-block-gallery has-nested-images columns-5 is-cropped wp-block-gallery-3 is-layout-flex wp-block-gallery-is-layout-flex\">\n<figure class=\"wp-block-image size-large is-style-default\"><img loading=\"lazy\" decoding=\"async\" width=\"700\" height=\"933\" data-id=\"399\" src=\"https:\/\/www.kremen.cz\/wp-content\/uploads\/2025\/04\/IMG_2921-700x933.jpeg\" alt=\"\" class=\"wp-image-399\" srcset=\"https:\/\/www.kremen.cz\/wp-content\/uploads\/2025\/04\/IMG_2921-700x933.jpeg 700w, https:\/\/www.kremen.cz\/wp-content\/uploads\/2025\/04\/IMG_2921-225x300.jpeg 225w, https:\/\/www.kremen.cz\/wp-content\/uploads\/2025\/04\/IMG_2921-768x1024.jpeg 768w, https:\/\/www.kremen.cz\/wp-content\/uploads\/2025\/04\/IMG_2921-1152x1536.jpeg 1152w, https:\/\/www.kremen.cz\/wp-content\/uploads\/2025\/04\/IMG_2921-1536x2048.jpeg 1536w, https:\/\/www.kremen.cz\/wp-content\/uploads\/2025\/04\/IMG_2921-scaled.jpeg 1920w\" sizes=\"auto, (max-width: 700px) 100vw, 700px\" \/><\/figure>\n\n\n\n<figure class=\"wp-block-image size-large\"><img loading=\"lazy\" decoding=\"async\" width=\"700\" height=\"933\" data-id=\"401\" src=\"https:\/\/www.kremen.cz\/wp-content\/uploads\/2025\/04\/IMG_1049-700x933.jpeg\" alt=\"\" class=\"wp-image-401\" srcset=\"https:\/\/www.kremen.cz\/wp-content\/uploads\/2025\/04\/IMG_1049-700x933.jpeg 700w, https:\/\/www.kremen.cz\/wp-content\/uploads\/2025\/04\/IMG_1049-225x300.jpeg 225w, https:\/\/www.kremen.cz\/wp-content\/uploads\/2025\/04\/IMG_1049-768x1024.jpeg 768w, https:\/\/www.kremen.cz\/wp-content\/uploads\/2025\/04\/IMG_1049-1152x1536.jpeg 1152w, https:\/\/www.kremen.cz\/wp-content\/uploads\/2025\/04\/IMG_1049-1536x2048.jpeg 1536w, https:\/\/www.kremen.cz\/wp-content\/uploads\/2025\/04\/IMG_1049-scaled.jpeg 1920w\" sizes=\"auto, (max-width: 700px) 100vw, 700px\" \/><\/figure>\n\n\n\n<figure class=\"wp-block-image size-large\"><img loading=\"lazy\" decoding=\"async\" width=\"700\" height=\"525\" data-id=\"398\" src=\"https:\/\/www.kremen.cz\/wp-content\/uploads\/2025\/04\/IMG_3067-700x525.jpeg\" alt=\"\" class=\"wp-image-398\" srcset=\"https:\/\/www.kremen.cz\/wp-content\/uploads\/2025\/04\/IMG_3067-700x525.jpeg 700w, https:\/\/www.kremen.cz\/wp-content\/uploads\/2025\/04\/IMG_3067-300x225.jpeg 300w, https:\/\/www.kremen.cz\/wp-content\/uploads\/2025\/04\/IMG_3067-768x576.jpeg 768w, https:\/\/www.kremen.cz\/wp-content\/uploads\/2025\/04\/IMG_3067-1536x1152.jpeg 1536w, https:\/\/www.kremen.cz\/wp-content\/uploads\/2025\/04\/IMG_3067-2048x1536.jpeg 2048w\" sizes=\"auto, (max-width: 700px) 100vw, 700px\" \/><\/figure>\n\n\n\n<figure class=\"wp-block-image size-large\"><img loading=\"lazy\" decoding=\"async\" width=\"700\" height=\"933\" data-id=\"395\" src=\"https:\/\/www.kremen.cz\/wp-content\/uploads\/2025\/04\/IMG_9313-700x933.jpeg\" alt=\"\" class=\"wp-image-395\" srcset=\"https:\/\/www.kremen.cz\/wp-content\/uploads\/2025\/04\/IMG_9313-700x933.jpeg 700w, https:\/\/www.kremen.cz\/wp-content\/uploads\/2025\/04\/IMG_9313-225x300.jpeg 225w, https:\/\/www.kremen.cz\/wp-content\/uploads\/2025\/04\/IMG_9313-768x1024.jpeg 768w, https:\/\/www.kremen.cz\/wp-content\/uploads\/2025\/04\/IMG_9313-1152x1536.jpeg 1152w, https:\/\/www.kremen.cz\/wp-content\/uploads\/2025\/04\/IMG_9313-1536x2048.jpeg 1536w, https:\/\/www.kremen.cz\/wp-content\/uploads\/2025\/04\/IMG_9313-scaled.jpeg 1920w\" sizes=\"auto, (max-width: 700px) 100vw, 700px\" \/><\/figure>\n\n\n\n<figure class=\"wp-block-image size-large\"><img loading=\"lazy\" decoding=\"async\" width=\"700\" height=\"997\" data-id=\"406\" src=\"https:\/\/www.kremen.cz\/wp-content\/uploads\/2025\/04\/IMG_3109-700x997.jpeg\" alt=\"\" class=\"wp-image-406\" srcset=\"https:\/\/www.kremen.cz\/wp-content\/uploads\/2025\/04\/IMG_3109-700x997.jpeg 700w, https:\/\/www.kremen.cz\/wp-content\/uploads\/2025\/04\/IMG_3109-211x300.jpeg 211w, https:\/\/www.kremen.cz\/wp-content\/uploads\/2025\/04\/IMG_3109-768x1094.jpeg 768w, https:\/\/www.kremen.cz\/wp-content\/uploads\/2025\/04\/IMG_3109.jpeg 828w\" sizes=\"auto, (max-width: 700px) 100vw, 700px\" \/><\/figure>\n\n\n\n<figure class=\"wp-block-image size-large\"><img loading=\"lazy\" decoding=\"async\" width=\"700\" height=\"525\" data-id=\"403\" src=\"https:\/\/www.kremen.cz\/wp-content\/uploads\/2025\/04\/IMG_3102-700x525.jpeg\" alt=\"\" class=\"wp-image-403\" srcset=\"https:\/\/www.kremen.cz\/wp-content\/uploads\/2025\/04\/IMG_3102-700x525.jpeg 700w, https:\/\/www.kremen.cz\/wp-content\/uploads\/2025\/04\/IMG_3102-300x225.jpeg 300w, https:\/\/www.kremen.cz\/wp-content\/uploads\/2025\/04\/IMG_3102-768x576.jpeg 768w, https:\/\/www.kremen.cz\/wp-content\/uploads\/2025\/04\/IMG_3102.jpeg 960w\" sizes=\"auto, (max-width: 700px) 100vw, 700px\" \/><\/figure>\n\n\n\n<figure class=\"wp-block-image size-large\"><img loading=\"lazy\" decoding=\"async\" width=\"700\" height=\"933\" data-id=\"397\" src=\"https:\/\/www.kremen.cz\/wp-content\/uploads\/2025\/04\/IMG_9093-700x933.jpeg\" alt=\"\" class=\"wp-image-397\" srcset=\"https:\/\/www.kremen.cz\/wp-content\/uploads\/2025\/04\/IMG_9093-700x933.jpeg 700w, https:\/\/www.kremen.cz\/wp-content\/uploads\/2025\/04\/IMG_9093-225x300.jpeg 225w, https:\/\/www.kremen.cz\/wp-content\/uploads\/2025\/04\/IMG_9093-768x1024.jpeg 768w, https:\/\/www.kremen.cz\/wp-content\/uploads\/2025\/04\/IMG_9093-1152x1536.jpeg 1152w, https:\/\/www.kremen.cz\/wp-content\/uploads\/2025\/04\/IMG_9093-1536x2048.jpeg 1536w, https:\/\/www.kremen.cz\/wp-content\/uploads\/2025\/04\/IMG_9093-scaled.jpeg 1920w\" sizes=\"auto, (max-width: 700px) 100vw, 700px\" \/><\/figure>\n\n\n\n<figure class=\"wp-block-image size-full\"><img loading=\"lazy\" decoding=\"async\" width=\"600\" height=\"800\" data-id=\"222\" src=\"https:\/\/www.kremen.cz\/wp-content\/uploads\/2024\/05\/img_5939-1.jpg\" alt=\"\" class=\"wp-image-222\" srcset=\"https:\/\/www.kremen.cz\/wp-content\/uploads\/2024\/05\/img_5939-1.jpg 600w, https:\/\/www.kremen.cz\/wp-content\/uploads\/2024\/05\/img_5939-1-225x300.jpg 225w\" sizes=\"auto, (max-width: 600px) 100vw, 600px\" \/><\/figure>\n\n\n\n<figure class=\"wp-block-image size-large\"><img loading=\"lazy\" decoding=\"async\" width=\"700\" height=\"938\" data-id=\"405\" src=\"https:\/\/www.kremen.cz\/wp-content\/uploads\/2025\/04\/IMG_3103-700x938.jpeg\" alt=\"\" class=\"wp-image-405\" srcset=\"https:\/\/www.kremen.cz\/wp-content\/uploads\/2025\/04\/IMG_3103-700x938.jpeg 700w, https:\/\/www.kremen.cz\/wp-content\/uploads\/2025\/04\/IMG_3103-224x300.jpeg 224w, https:\/\/www.kremen.cz\/wp-content\/uploads\/2025\/04\/IMG_3103-768x1029.jpeg 768w, https:\/\/www.kremen.cz\/wp-content\/uploads\/2025\/04\/IMG_3103-1147x1536.jpeg 1147w, https:\/\/www.kremen.cz\/wp-content\/uploads\/2025\/04\/IMG_3103.jpeg 1344w\" sizes=\"auto, (max-width: 700px) 100vw, 700px\" \/><figcaption class=\"wp-element-caption\">2021<\/figcaption><\/figure>\n<\/figure>\n\n\n\n<p>*Pro leto\u0161n\u00ed rok p\u0159echod i na korkov\u00e9 z\u00e1tky s garanc\u00ed vlastnost\u00ed pro 10let\u00e9 archivace.<br><br><strong>\u201eDIAM 10 Traditional\u201c&nbsp;&nbsp;\u2013&nbsp;&nbsp;Z\u00c1TKA&nbsp;&nbsp;Z&nbsp;&nbsp;MIKROGRANUL\u00c1TU&nbsp;&nbsp;<\/strong>je z\u00e1tka vyroben\u00e1 z vybran\u00e9ho korkov\u00e9ho mikrogranul\u00e1tu, kter\u00fd je stejnou metodou jako je k\u00e1va zbavov\u00e1na kofeinu, zbaven ve\u0161ker\u00fdch \u0161kodliv\u00fdch p\u0159\u00edm\u011bs\u00ed. Touto metodou je za n\u00edzk\u00e9 teploty a vysok\u00e9ho tlaku z korku odstran\u011bno na 170 \u0161kodliv\u00fdch slou\u010denin, z nich\u017e 14 m\u00e1 p\u0159\u00edm\u00fd vliv na chu\u0165 v\u00edna nebo medoviny a zp\u016fsobuje vady v jeho chuti, jednou z nich je zn\u00e1m\u00fd trichloranisol ( TCA), kter\u00fd zp\u016fsobuje z\u00e1pach v\u00edna po korku. Korkov\u00fd granul\u00e1t je nav\u00edc sm\u00edsen s tzv. \u201emikrosf\u00e9rou\u201c, co\u017e jsou zjednodu\u0161en\u011b \u0159e\u010deno mikroskopick\u00e9 plastov\u00e9 bublinky, v z\u00e1tce naprosto neviditeln\u00e9, kter\u00e9 z\u00e1tk\u00e1m DIAM zaji\u0161\u0165uj\u00ed vysokou a p\u0159edev\u0161\u00edm dlouho trvaj\u00edc\u00ed pru\u017enost. Z\u00e1tky jsou podle tlaku, za kter\u00e9ho jsou vyrobeny a podle mno\u017estv\u00ed pou\u017eit\u00e9 mikrosf\u00e9ry, rozd\u011bleny do 5 kategori\u00ed podle propustnosti kysl\u00edku a t\u00edm lze volit pro uzav\u0159en\u00ed l\u00e1hve s v\u00ednem z\u00e1tku takov\u00e9 propustnosti, kter\u00e1 odpov\u00edd\u00e1 po\u017eadavk\u016fm vina\u0159e i v\u010dela\u0159e na skladov\u00e1n\u00ed jeho lahv\u00ed.&nbsp;<\/p>\n","protected":false},"excerpt":{"rendered":"<p>Medovina z K\u0159emenovy v\u010delnice (pro r.2025) dozr\u00e1v\u00e1 z medovicov\u00e9ho medu s vysok\u00fdm pod\u00edlem melicit\u00f3zy, kter\u00fd obsahuje slo\u017eit\u00e9 cukry d\u00e1vaj\u00edc\u00ed n\u00e1poji hlub\u0161\u00ed a komplexn\u00ed chu\u0165. Kvasinky p\u0159i kva\u0161en\u00ed vytv\u00e1\u0159ej\u00ed jedine\u010dn\u00fd profil, kter\u00fd je dopln\u011bn o p\u0159\u00edm\u011bs kvalitn\u00edho kv\u011btov\u00e9ho medu takt\u00e9\u017e z Rad\u011btick\u00e9 oblasti. Tato kombinace med\u016f obohacuje v\u00fdslednou medovinu o bohat\u00e9 a vyv\u00e1\u017een\u00e9 t\u00f3ny, kter\u00e9 jsou &hellip; <\/p>\n<p class=\"link-more\"><a href=\"https:\/\/www.kremen.cz\/index.php\/medovina-mead-2\/\" class=\"more-link\">Pokra\u010dovat ve \u010dten\u00ed<span class=\"screen-reader-text\"> &#8222;Medovina &#8211; Mead&#8220;<\/span><\/a><\/p>\n","protected":false},"author":1,"featured_media":0,"parent":0,"menu_order":0,"comment_status":"closed","ping_status":"closed","template":"","meta":{"footnotes":""},"class_list":["post-435","page","type-page","status-publish","hentry"],"_links":{"self":[{"href":"https:\/\/www.kremen.cz\/index.php\/wp-json\/wp\/v2\/pages\/435","targetHints":{"allow":["GET"]}}],"collection":[{"href":"https:\/\/www.kremen.cz\/index.php\/wp-json\/wp\/v2\/pages"}],"about":[{"href":"https:\/\/www.kremen.cz\/index.php\/wp-json\/wp\/v2\/types\/page"}],"author":[{"embeddable":true,"href":"https:\/\/www.kremen.cz\/index.php\/wp-json\/wp\/v2\/users\/1"}],"replies":[{"embeddable":true,"href":"https:\/\/www.kremen.cz\/index.php\/wp-json\/wp\/v2\/comments?post=435"}],"version-history":[{"count":17,"href":"https:\/\/www.kremen.cz\/index.php\/wp-json\/wp\/v2\/pages\/435\/revisions"}],"predecessor-version":[{"id":480,"href":"https:\/\/www.kremen.cz\/index.php\/wp-json\/wp\/v2\/pages\/435\/revisions\/480"}],"wp:attachment":[{"href":"https:\/\/www.kremen.cz\/index.php\/wp-json\/wp\/v2\/media?parent=435"}],"curies":[{"name":"wp","href":"https:\/\/api.w.org\/{rel}","templated":true}]}}